{"id":4970,"date":"2022-05-20T06:31:43","date_gmt":"2022-05-20T06:31:43","guid":{"rendered":"http:\/\/rossau.dorfgeschichte-mettmenstetten.ch\/?page_id=4970"},"modified":"2022-11-05T15:34:56","modified_gmt":"2022-11-05T15:34:56","slug":"uebersicht","status":"publish","type":"page","link":"https:\/\/rossau.ch\/index.php\/uebersicht\/","title":{"rendered":"\u00dcbersicht Dorfgeschichte"},"content":{"rendered":"\n<h4 class=\"alignfull has-text-align-center has-ast-global-color-2-color has-text-color wp-block-heading\">Dorfgeschichte Rossau<\/h4>\n\n\n\n<h5 class=\"alignfull has-text-align-center has-ast-global-color-5-color has-text-color has-background wp-block-heading\" style=\"background-color:#c83232;margin-bottom:0px\">Weiler Rossau ZH &#8211; \u00dcbersicht<\/h5>\n\n\n\n<h6 class=\"alignfull has-text-align-center has-background wp-block-heading\" style=\"background-color:#8e8e8e;margin-top:0px;margin-bottom:0px\"><\/h6>\n\n\n\n<div style=\"height:30px\" aria-hidden=\"true\" class=\"wp-block-spacer\"><\/div>\n\n\n\n<p class=\"has-text-align-center has-medium-font-size wp-block-paragraph\">Beim Dorfplatz Rossau befindet sich der Start der historischen Zeitreise durch Rossau.<\/p>\n\n\n\n<figure class=\"wp-block-image aligncenter size-full\"><a href=\"https:\/\/www.google.com\/maps\/d\/edit?hl=de&amp;mid=1qhjq7yVAzqpDMxpaqcwmgE9GCevNptVL&amp;ll=47.2270804266348%2C8.483403299999974&amp;z=18\" target=\"_blank\" rel=\"noreferrer noopener\"><img loading=\"lazy\" decoding=\"async\" width=\"764\" height=\"613\" src=\"https:\/\/rossau.ch\/wp-content\/uploads\/2022\/10\/Uebersichtskarte.jpg\" alt=\"\" class=\"wp-image-5082\" srcset=\"https:\/\/rossau.ch\/wp-content\/uploads\/2022\/10\/Uebersichtskarte.jpg 764w, https:\/\/rossau.ch\/wp-content\/uploads\/2022\/10\/Uebersichtskarte-300x241.jpg 300w, https:\/\/rossau.ch\/wp-content\/uploads\/2022\/10\/Uebersichtskarte-150x120.jpg 150w\" sizes=\"auto, (max-width: 764px) 100vw, 764px\" \/><\/a><\/figure>\n\n\n\n<p class=\"has-text-align-center wp-block-paragraph\" style=\"font-size:25px\"><strong>Klicken sie auf die Karte, um Google Maps zu \u00f6ffnen.<\/strong><\/p>\n\n\n\n<div style=\"height:23px\" aria-hidden=\"true\" class=\"wp-block-spacer\"><\/div>\n\n\n\n<div class=\"wp-block-buttons is-content-justification-center is-layout-flex wp-container-core-buttons-is-layout-3e41869c wp-block-buttons-is-layout-flex\">\n<div class=\"wp-block-button aligncenter has-custom-font-size has-medium-font-size\"><a class=\"wp-block-button__link has-ast-global-color-5-color has-text-color has-background wp-element-button\" href=\"https:\/\/rossau.ch\/index.php\/tafel-00-feuerwehrhaeusschen\/\" style=\"border-radius:0px;background-color:#c83232\">START MIT DEM RUNDGANG<\/a><\/div>\n<\/div>\n\n\n\n<div style=\"height:90px\" aria-hidden=\"true\" class=\"wp-block-spacer\"><\/div>\n\n\n\n<p class=\"has-medium-font-size wp-block-paragraph\"><strong>Tafel \u00dcbersicht<\/strong><\/p>\n\n\n\n<p class=\"wp-block-paragraph\">Tafel 00 &#8211;\u00a0<a href=\"https:\/\/rossau.ch\/index.php\/tafel-00-feuerwehrhaeusschen\/\" class=\"ek-link\">Feuerwehrh\u00e4uschen Rossau<\/a><br>Tafel 01 &#8211;\u00a0<a href=\"https:\/\/rossau.ch\/index.php\/tafel-01-schulhaus\/\" class=\"ek-link\">Schulhaus Rossau<\/a><br>Tafel 02 &#8211;\u00a0<a href=\"https:\/\/rossau.ch\/index.php\/tafel-02-sennhuette\/\" class=\"ek-link\">Sennerei Rossau<\/a><br>Tafel 03 &#8211;\u00a0<a href=\"https:\/\/rossau.ch\/index.php\/tafel-03-wasserversorgung\/\" class=\"ek-link\">Wasserversorgungs-Genossenschaft Rossau<\/a><br>Tafel 04 &#8211;\u00a0<a href=\"https:\/\/rossau.ch\/index.php\/tafel-04-bauernhof-frei\/\" class=\"ek-link\">Bauernhof Frei<\/a><br>Tafel 05 &#8211;\u00a0<a href=\"https:\/\/rossau.ch\/index.php\/tafel-05-bauernhof-hug\/\" class=\"ek-link\">Bauernhof Hug<\/a><br>Tafel 09 &#8211;\u00a0<a href=\"https:\/\/rossau.ch\/index.php\/tafel-09-stiftung-www\/\" class=\"ek-link\">Stiftung Werk und Wohnheim zur Weid<\/a><br>Tafel 11 &#8211;\u00a0<a href=\"https:\/\/rossau.ch\/index.php\/tafel-11-hof-baehler-trottmann\/\" class=\"ek-link\">Hof B\u00e4hler-Trottmann<\/a><br>Tafel 12 &#8211;\u00a0<a href=\"https:\/\/rossau.ch\/index.php\/tafel-12-haus-binder\/\" class=\"ek-link\">Haus Binder<\/a><br>Tafel 13 &#8211;\u00a0<a href=\"https:\/\/rossau.ch\/index.php\/tafel-13-hof-buchmann\/\" class=\"ek-link\">Hof Buchmann<\/a><br>Tafel 14 &#8211;\u00a0<a href=\"https:\/\/rossau.ch\/index.php\/tafel-14-haus-daloia-hurter\/\" class=\"ek-link\">Haus D&#8217;Aloia-Hurter<\/a><br>Tafel 16 &#8211;\u00a0<a href=\"https:\/\/rossau.ch\/index.php\/tafel-16-hof-haller\/\" class=\"ek-link\">Hof Haller<\/a><br>Tafel 17 &#8211;\u00a0<a href=\"https:\/\/rossau.ch\/index.php\/tafel-17-haus-heiniger\/\" class=\"ek-link\">Haus Heiniger<\/a><br>Tafel 19 &#8211;\u00a0<a href=\"https:\/\/rossau.ch\/index.php\/tafel-19-haus-klaentschi\/\" class=\"ek-link\">Haus Kl\u00e4ntschi<\/a><br>Tafel 20 &#8211;\u00a0<a href=\"https:\/\/rossau.ch\/index.php\/tafel-20-hof-knecht\/\" class=\"ek-link\">Hof Knecht<\/a><br>Tafel 21 &#8211;\u00a0<a href=\"https:\/\/rossau.ch\/index.php\/tafel-21-haus-kuenzli\/\" class=\"ek-link\">Haus K\u00fcnzli<\/a><br>Tafel 22 &#8211;\u00a0<a href=\"https:\/\/rossau.ch\/index.php\/tafel-22-schreinerei-mueller\/\" class=\"ek-link\">Schreinerei M\u00fcller<\/a><br>Tafel 23 &#8211;\u00a0<a href=\"https:\/\/rossau.ch\/index.php\/tafel-23-hof-meili\/\" class=\"ek-link\">Hof Meili<\/a><br>Tafel 24 &#8211;\u00a0<a href=\"https:\/\/rossau.ch\/index.php\/tafel-24-haus-schmid\/\" class=\"ek-link\">Haus Schmid<\/a><br>Tafel 25 &#8211;\u00a0<a href=\"https:\/\/rossau.ch\/index.php\/tafel-25-haus-suter\/\" class=\"ek-link\">Haus Suter<\/a><br>Tafel 26 &#8211;\u00a0<a href=\"https:\/\/rossau.ch\/index.php\/tafel-26-haus-steinmann\/\" class=\"ek-link\">Haus Steinmann<\/a><br>Tafel 29 &#8211;\u00a0<a href=\"https:\/\/rossau.ch\/index.php\/tafel-29-rest-sonnental\/\" class=\"ek-link\">Restaurant Sonnental<\/a><\/p>\n\n\n\n<div style=\"height:60px\" aria-hidden=\"true\" class=\"wp-block-spacer\"><\/div>\n\n\n\n<p class=\"has-medium-font-size wp-block-paragraph\"><strong>Weiler Rossau<\/strong><\/p>\n\n\n\n<div style=\"height:10px\" aria-hidden=\"true\" class=\"wp-block-spacer\"><\/div>\n\n\n\n<p class=\"has-text-align-justify wp-block-paragraph\"><strong>Ein kleine historische Zeitreise durch Rossau<br><\/strong>(anl\u00e4sslich der 800-Jahrfeier der \u00abGemeinde\u00bb Rossau, 1221 &#8211; 2021)<\/p>\n\n\n\n<div style=\"height:10px\" aria-hidden=\"true\" class=\"wp-block-spacer\"><\/div>\n\n\n\n<p class=\"has-text-align-justify wp-block-paragraph\">Rossau ist einer von mehreren Aussenweiler der politischen Gemeinde Mettmenstetten. Er umfasst knapp 80 Haushalte mit rund 250 Einwohnern. Der Ort ist klein, an einem sch\u00f6nen Fleck mit aktiven Menschen, die auf einen guten Zusammenhalt Wert legen. So entstehen bei uns oft neue Ideen und Aktivit\u00e4ten \u2013 wie diese kleine historische Zeitreise durch Rossau.<\/p>\n\n\n\n<div style=\"height:20px\" aria-hidden=\"true\" class=\"wp-block-spacer\"><\/div>\n\n\n\n<p class=\"has-text-align-justify wp-block-paragraph\"><strong>Historischer Hintergrund zu Rossau<br><\/strong>Im Gegensatz zur Gemeinde Mettmenstetten, die urkundlich bereits im Jahre 1116 erstmals erw\u00e4hnt wurde, finden sich zur \u201eGemeinde\u201c Rossau erste Erw\u00e4hnungen in Schriften aus dem Jahre 1221. Dies soll jedoch nicht heissen, dass die Besiedlung dieses kleinen \u00d6rtchens nicht bereits vor dieser Zeitrechnung seinen Anfang nahm. Der Ortsname Rossau bedeutet: \u00abAu der Rosse\u00bb. Auen sind bekanntlich Wiesen, die am Wasser liegen. Da der Weiler direkt an einem wichtigen Handelsweg lag und man an dieser Stelle die Pferde wechselte, weideten auf diesen Auen Rosse. Symbolisch daf\u00fcr tr\u00e4gt das Wappen von Rossau ein Pferd.<br><br>Geschichtlich gesprochen befand man sich dazumal im sp\u00e4ten Mittelalter, als die gesellschaftlichen Regeln durch den Adel sowie kirchliche W\u00fcrdentr\u00e4ger gepr\u00e4gt war. Insbesondere das Kloster Kappel, welches unter der Schirmherrschaft des Kloster Engelberg stand, hatte im gesamten Gebiet um Rossau einen sehr grossen Einfluss auf Land und Leute.<\/p>\n\n\n\n<div style=\"height:20px\" aria-hidden=\"true\" class=\"wp-block-spacer\"><\/div>\n\n\n\n<p class=\"has-text-align-justify wp-block-paragraph\"><strong>Kirchliche Zugeh\u00f6rigkeit<\/strong><br>Da im s\u00fcdlichen Knonauer Amt und benachbarten Zuger Land im fr\u00fchen Mittelalter nur einige wenige Grosspfarreien bestanden und erst allm\u00e4hlich weitere Pfarrkirchen mit ihren eher kleinen Sprengeln gesetzt wurden, waren die \u00e4ltesten Kirchen in der Gegend um Rossau ohne Zweifel Baar, Cham und Mettmenstetten. Das D\u00f6rfchen Rossau nun geh\u00f6rte durch das ganze Mittelalter hindurch zur Grosspfarrei Baar, von welcher noch um 1370 die Filialkapellen in Steinhausen und Hausen am Albis abhingen. Ein Kirchweg von ann\u00e4hernd sechs Kilometer war zu jener Zeit nichts Aussergew\u00f6hnliches, und doch wurde es den Bauern von Rossau zu viel, f\u00fcr jeden Gottesdienst eine solche Distanz unter die F\u00fcsse nehmen zu m\u00fcssen. In der N\u00e4he ihrer H\u00f6fe befand sich nur ein Bildhaus, nicht einmal eine Kapelle \u2013 man scheint ihm auch keine besondere Pflege gewidmet zu haben. So stellen im sp\u00e4ten 15. Jahrhundert die Rossauer das Gesuch, anstatt des abgegangenen Bildhauses eine Kapelle bauen zu d\u00fcrfen und f\u00fcr den gottesdienstlichen Gebrauch weihen zu lassen. Da jedoch damals der \u201eZehnt\u201c von Rossau nicht mehr an die Pfarrkirche Baar entrichtet wurde, sondern bereits am 12. M\u00e4rz 1373 durch Verkauf von L\u00fctold von Frick und seinem Sohn Johannes um 463 Pfund 15 Schilling Basler Pfennige mit jenem von Uerzlikon und Walterswil an Kappel gelangt war, erhob das Kloster Einspruch. Es musste bef\u00fcrchten, dass, wenn aus der Rossauer Kapelle mit der Zeit eine Pfarrkirche entst\u00fcnde, ihm der Zehnt an jenem Ort zur Besoldung eines Leutpriesters entfremdet w\u00fcrde. B\u00fcrgermeister und Rat in Z\u00fcrich entschieden am 14. Dezember 1496 zugunsten der Zisterzienserabtei, es d\u00fcrfe keine Kapelle, sondern nur ein Bildhaus errichtet und dasselbe niemals geweiht werden. Die Dorfbewohner von Rossau gaben sich aber mit dieser schlechten Ber\u00fccksichtigung ihrer religi\u00f6sen Bed\u00fcrfnisse nicht zufrieden. Sie beharrten auf ihrem Vorhaben und setzten es durch. Am 22. August 1504 erlaubte das Kloster Kappel, dass man die neulich erbaute Kapelle in Rossau weihe und darin insk\u00fcnftig die Messe zelebriere. Freilich mussten die Rossauer in einem Revers erkl\u00e4ren, dass man f\u00fcr ihre Kapelle nie eine Kaplanei oder Pfarrpfr\u00fcnde stifte und sie selbst der Mutterkirche Baar unterworfen blieben. Die Neuerung sollte dem Kloster an seinen Eink\u00fcnften zu Rossau \u2013 womit in erster Linie der \u201eZehnt\u201c gemeint war \u2013 unsch\u00e4dlich sein. Aus der weiteren Bestimmung, dass der \u201eBau\u201c, das hiess die Instandhaltung, allein den Bewohnern von Rossau obliege, ist zu schliessen, dass das kleine Gotteshaus wirklich von diesen allein und auf ihre Kosten errichtet worden war. Nur noch etwa zwei Jahrzehnte standen diese Abmachungen in Kraft, denn mit der Reformation setzte gerade in diesem Grenzraum eine tiefgreifende kirchliche Neuordnung ein. Das Zuger Land blieb katholisch, und so mussten die nach Baar und Niederwil kirchgen\u00f6ssigen Einwohner z\u00fcrcherischer Gemeinden f\u00fcr den reformierten Gottesdienst anderswo angeschlossen werden. Die Einwohner von Rossau wurden der Kirche Mettmenstetten zugeteilt. Der Ort war doch zu klein, als dass der Gedanke h\u00e4tte aufkommen m\u00f6gen, auch hier die Filiale von Baar zu einer vollwertigen Kirche mit all den Auslagen f\u00fcr eine Pfarrpfr\u00fcnde zu bef\u00f6rdern. Die Kapelle liess man leider zerfallen. Aber im 18. Jahrhundert soll man auf der Anh\u00f6he gegen\u00fcber dem Schulhaus auf ihre Fundamente gestossen sein. Was erfreulicherweise von der Kapelle erhalten blieb, war das \u00abGl\u00f6cklein\u00bb. Es konnte an einem sicheren Ort aufbewahrt werden. Nach dem Bau des Haupthauses vom damaligen M\u00e4nnerheim im Jahre 1919 wurde diese Glocke im T\u00fcrmlein wieder installiert, und noch heute schl\u00e4gt sie drei Mal t\u00e4glich zur Essenszeit.<br>Die Zuteilung des Dorfes Rossau zur reformierten Kirchgemeinde Mettmenstetten hatte auf lange Sicht auch politische Folgen. Da in der Revolutionszeit die Munizipalit\u00e4ten h\u00e4ufig in Anlehnung an die bisherigen Pfarreien gebildet wurden, kam Rossau im Jahre 1798 zur Munizipalit\u00e4t Mettmenstetten. Als sich sp\u00e4ter im Wechsel der Verfassungen aus dieser die politische Gemeinde herausentwickelte, geh\u00f6rte zu ihr auch die inzwischen zur Zivilgemeinde gewordene Dorfschaft Rossau.<\/p>\n\n\n\n<div style=\"height:20px\" aria-hidden=\"true\" class=\"wp-block-spacer\"><\/div>\n\n\n\n<p class=\"has-text-align-justify wp-block-paragraph\"><strong>Gemeinde und Einwohner<\/strong><br>Einen ersten, einigermassen zuverl\u00e4ssigen \u00dcberblick \u00fcber die Bev\u00f6lkerung von Rossau erh\u00e4lt man aus den 1460er Jahren, als Z\u00fcrich daranging nach dem Erwerb des Freiamtes auch in diesem Steuern einzuziehen. Ein Rodel von 1461 scheint noch unvollst\u00e4ndig zu sein, erw\u00e4hnt er doch nur die Haushaltungen eines Rudi Schmid, eines Rudi Fryman, einen Knecht namens Uely und einen Hensly Keiser, die alle zusammen nur 24. Schilling aufbrachten. Deutlicher spricht das Steuerverzeichnis vom Jahr 1467, welches f\u00fcnf Haushaltungen auff\u00fchrt, n\u00e4mlich Konrad B\u00e4r mit Frau und Dienstmagd, Hensly Keiser mit Ehefrau, J\u00e4ckli Vollenweider mit Gattin und einem vollj\u00e4hrigen \u2013 und damit unter die Kopfsteuer fallend \u2013 Sohne Hans, ferner Rudi Schmid \u201eder alt\u201c mit Gattin, den erwachsenen S\u00f6hnen Heini und Rudi und der Tochter Adelheid. Diese Familie gab eine Verm\u00f6genssteuer von 1 Pfund 10 Schilling ab, sodass man bei ihr von einem leidlichen Wohlstand sprechen darf. Im Ganzen sind es 15 vollj\u00e4hrige Personen, die der Rodel auff\u00fchrt. Z\u00e4hlt man bei jeder Familie noch drei oder vier minderj\u00e4hrige Kinder dazu, so kommt man f\u00fcr das damalige Rossau auf eine Einwohnerzahl von nur 30 bis 35 Seelen. Das mag erstaunen, ist aber dennoch glaubhaft, weil auch viel ansehnlichere D\u00f6rfer der Z\u00fcrcher Landschaft im 15.Jahrhundert sehr wenig volksreich waren.<br>Dass die Zahl stimmen kann, ergibt sich auch daraus, dass trotz der betr\u00e4chtlichen Zunahme der Bev\u00f6lkerung zu Stadt und Land in den nachfolgenden anderthalb Jahrhunderten, Rossau im Jahre 1634 erst 75 Einwohner beherbergte. M\u00f6glicherweise waren es vor der grossen Pestepidemie von 1629 etwas mehr gewesen. Doch ist andererseits bekannt, wie schnell die furchtbaren Verluste, die der schwarze Tod verursachte, jeweils wieder aufgeholt wurden.<br>Das Bev\u00f6lkerungsverzeichnis, das der Pfarrer von Mettmenstetten im Jahre 1634 zuhanden der Obrigkeit erstellte, nennt f\u00fcr Rossau die folgenden Familiennamen, die fast alle noch heute dort oder doch in Nachbargemeinden des Knonauer Amtes vertreten sind: B\u00e4r, Schmid, Grob, Steigmeier, Suter, Bachofen, Wegmann, H\u00e4gi, Ringger. Im Jahre 1670, als Rossau 16 Haushaltungen mit 87 Einwohnern z\u00e4hlte, verzeichnete man die Namen B\u00e4r, Grob, Schmid, Steigmeier, H\u00e4gi, N\u00e4f, Ringger, Vollenweider und Weiss.<br>Bereits lange vorher bildete Rossau eine kleine Gemeinde. Die Urkunde von 1504 besagt ausdr\u00fccklich, dass die geschworenen Dorfmeier und die ganze Gemeinde, die beim Kapellenbau gegen\u00fcber dem Kloster Kappel eingegangenen Verpflichtungen \u00fcbern\u00e4hmen. So bestand also am Ende des Mittelalters bereits eine durch Dorfmeier oder Geschworene ausge\u00fcbte lokale Selbstverwaltung und eine wirkliche Dorfgemeinde. Diese wurde \u2013 wie anderw\u00e4rts \u2013 nach der Revolution zur Zivilgemeinde, die im Verband der politischen Gemeinde Mettmenstetten weiterlebte.<br>Im Jahre 1835 z\u00e4hlte Friedrich Vogel in der Zivilgemeinde Rossau 23 Wohn- und 33 Nebengeb\u00e4ude, und bis 1850 vermehrte sich ihre Bev\u00f6lkerung auf 239 Seelen. Der \u00fcberwiegende Teil der Einwohner besch\u00e4ftigte sich mit Landwirtschaft. Auch spielte in mancher Haushaltung die Seidenwinderei und \u2013weberei als Erwerbsquelle eine Rolle \u2013 mehr dazu im nachfolgenden Abschnitt \u201eHandwerk und Gewerbe gestern und heute\u201c.<br>Leider sind die \u00e4lteren Akten, Urkunden und B\u00fccher der Dorfgemeinde verloren gegangen, denn die Aufzeichnungen im Zivilgemeindearchiv Rossau setzen erst um das Jahr 1818 ein, etwa zurzeit, da landauf landab aus bisher isolierten H\u00f6fen zahlreiche neue Zivilgemeinden gebildet wurden.&nbsp;<br>Im Gr\u00fcndungsprotokoll der Wasserversorgungs-Genossenschaft Rossau vom 6. Januar 1898 waren folgende Familiennamen aufgef\u00fchrt: Ringger, Hurter, Hug, Suter, H\u00e4gi, Grob, Lier, Wydler, Jung, Buchmann, Steinmann, Leuthold, Vollenweider, Frei, Wolf, Hurter, Frey, Schwarz, M\u00fcller, Staub, Kleiner, Uttinger.<\/p>\n\n\n\n<div style=\"height:10px\" aria-hidden=\"true\" class=\"wp-block-spacer\"><\/div>\n\n\n\n<p class=\"wp-block-paragraph\">Heute (2016) z\u00e4hlt Rossau rund 246 Einwohnerinnen und Einwohner.<\/p>\n\n\n\n<div style=\"height:20px\" aria-hidden=\"true\" class=\"wp-block-spacer\"><\/div>\n\n\n\n<p class=\"has-text-align-justify wp-block-paragraph\"><strong>Hinweis zu den Texten der Tafeln und der Inhalte der jeweiligen Texte auf der Web-Seite:<br><\/strong>Die ganzen Texte basieren auf der&nbsp;<strong>Brosch\u00fcre \u00abRossau \u2013 fr\u00fcher, gestern und heute\u00bb,<\/strong>&nbsp;welche anl\u00e4sslich des 900-j\u00e4hrigen Jubil\u00e4ums der politischen Gemeinde Mettmenstetten entstand und im Jahr 2016 gedruckt und ver\u00f6ffentlicht wurde.<\/p>\n\n\n\n<div style=\"height:20px\" aria-hidden=\"true\" class=\"wp-block-spacer\"><\/div>\n\n\n\n<p class=\"wp-block-paragraph\">Im Namen des Organisationskomitees<br><strong>Weiler Rossau<\/strong><\/p>\n\n\n\n<div style=\"height:50px\" aria-hidden=\"true\" class=\"wp-block-spacer\"><\/div>\n\n\n\n<div class=\"wp-block-columns is-layout-flex wp-container-core-columns-is-layout-7387b849 wp-block-columns-is-layout-flex\">\n<div class=\"wp-block-column is-layout-flow wp-block-column-is-layout-flow\">\n<figure class=\"wp-block-image aligncenter size-full is-resized\"><img decoding=\"async\" src=\"https:\/\/rossau.ch\/wp-content\/uploads\/2022\/10\/Broschuere.jpeg\" alt=\"\" class=\"wp-image-5122\" width=\"450\" srcset=\"https:\/\/rossau.ch\/wp-content\/uploads\/2022\/10\/Broschuere.jpeg 314w, https:\/\/rossau.ch\/wp-content\/uploads\/2022\/10\/Broschuere-300x211.jpeg 300w, https:\/\/rossau.ch\/wp-content\/uploads\/2022\/10\/Broschuere-150x106.jpeg 150w\" sizes=\"(max-width: 314px) 100vw, 314px\" \/><\/figure>\n<\/div>\n\n\n\n<div class=\"wp-block-column is-layout-flow wp-block-column-is-layout-flow\">\n<div style=\"height:10px\" aria-hidden=\"true\" class=\"wp-block-spacer\"><\/div>\n\n\n\n<h2 class=\"wp-block-heading\" style=\"font-size:25px\">Brosch\u00fcre Rossau<\/h2>\n\n\n\n<p class=\"has-text-align-justify wp-block-paragraph\">Es gibt die M\u00f6glichkeit eine kleine Brosch\u00fcre \u00fcber die historische Entwicklung Rossaus zu erwerben.<\/p>\n\n\n\n<p class=\"has-text-align-justify wp-block-paragraph\">Geschrieben und zusammengetragen wurde sie von Marcel Kunz mit Unterst\u00fctzung der Dorfbev\u00f6lkerung.<\/p>\n\n\n\n<p class=\"has-text-align-justify wp-block-paragraph\">Bei Interesse melden Sie sich bitte bei Familie Kunz im Schwalbenhof oder bei der Gemeinde Mettmenstetten.&nbsp;<\/p>\n\n\n\n<p class=\"wp-block-paragraph\">Preis: CHF 9.00<\/p>\n<\/div>\n<\/div>\n\n\n\n<div style=\"height:20px\" aria-hidden=\"true\" class=\"wp-block-spacer\"><\/div>\n\n\n\n<h6 class=\"alignfull has-text-align-center has-background wp-block-heading\" style=\"background-color:#8e8e8e;margin-top:0px;margin-bottom:0px\"><\/h6>\n","protected":false},"excerpt":{"rendered":"<p>Dorfgeschichte Rossau Weiler Rossau ZH &#8211; \u00dcbersicht Beim Dorfplatz Rossau befindet sich der Start der historischen Zeitreise durch Rossau. Klicken sie auf die Karte, um Google Maps zu \u00f6ffnen. Tafel \u00dcbersicht Tafel 00 &#8211;\u00a0Feuerwehrh\u00e4uschen RossauTafel 01 &#8211;\u00a0Schulhaus RossauTafel 02 &#8211;\u00a0Sennerei RossauTafel 03 &#8211;\u00a0Wasserversorgungs-Genossenschaft RossauTafel 04 &#8211;\u00a0Bauernhof FreiTafel 05 &#8211;\u00a0Bauernhof HugTafel 09 &#8211;\u00a0Stiftung Werk und Wohnheim [&hellip;]<\/p>\n","protected":false},"author":5,"featured_media":0,"parent":0,"menu_order":0,"comment_status":"closed","ping_status":"closed","template":"","meta":{"_editorskit_title_hidden":false,"_editorskit_reading_time":6,"_editorskit_is_block_options_detached":false,"_editorskit_block_options_position":"{}","site-sidebar-layout":"default","site-content-layout":"plain-container","ast-site-content-layout":"default","site-content-style":"default","site-sidebar-style":"default","ast-global-header-display":"","ast-banner-title-visibility":"","ast-main-header-display":"","ast-hfb-above-header-display":"","ast-hfb-below-header-display":"","ast-hfb-mobile-header-display":"","site-post-title":"disabled","ast-breadcrumbs-content":"","ast-featured-img":"","footer-sml-layout":"","ast-disable-related-posts":"","theme-transparent-header-meta":"","adv-header-id-meta":"","stick-header-meta":"","header-above-stick-meta":"","header-main-stick-meta":"","header-below-stick-meta":"","astra-migrate-meta-layouts":"default","ast-page-background-enabled":"default","ast-page-background-meta":{"desktop":{"background-color":"","background-image":"","background-repeat":"repeat","background-position":"center center","background-size":"auto","background-attachment":"scroll","background-type":"","background-media":"","overlay-type":"","overlay-color":"","overlay-opacity":"","overlay-gradient":""},"tablet":{"background-color":"","background-image":"","background-repeat":"repeat","background-position":"center center","background-size":"auto","background-attachment":"scroll","background-type":"","background-media":"","overlay-type":"","overlay-color":"","overlay-opacity":"","overlay-gradient":""},"mobile":{"background-color":"","background-image":"","background-repeat":"repeat","background-position":"center center","background-size":"auto","background-attachment":"scroll","background-type":"","background-media":"","overlay-type":"","overlay-color":"","overlay-opacity":"","overlay-gradient":""}},"ast-content-background-meta":{"desktop":{"background-color":"var(--ast-global-color-5)","background-image":"","background-repeat":"repeat","background-position":"center center","background-size":"auto","background-attachment":"scroll","background-type":"","background-media":"","overlay-type":"","overlay-color":"","overlay-opacity":"","overlay-gradient":""},"tablet":{"background-color":"var(--ast-global-color-5)","background-image":"","background-repeat":"repeat","background-position":"center center","background-size":"auto","background-attachment":"scroll","background-type":"","background-media":"","overlay-type":"","overlay-color":"","overlay-opacity":"","overlay-gradient":""},"mobile":{"background-color":"var(--ast-global-color-5)","background-image":"","background-repeat":"repeat","background-position":"center center","background-size":"auto","background-attachment":"scroll","background-type":"","background-media":"","overlay-type":"","overlay-color":"","overlay-opacity":"","overlay-gradient":""}},"footnotes":""},"class_list":["post-4970","page","type-page","status-publish","hentry"],"_links":{"self":[{"href":"https:\/\/rossau.ch\/index.php\/wp-json\/wp\/v2\/pages\/4970","targetHints":{"allow":["GET"]}}],"collection":[{"href":"https:\/\/rossau.ch\/index.php\/wp-json\/wp\/v2\/pages"}],"about":[{"href":"https:\/\/rossau.ch\/index.php\/wp-json\/wp\/v2\/types\/page"}],"author":[{"embeddable":true,"href":"https:\/\/rossau.ch\/index.php\/wp-json\/wp\/v2\/users\/5"}],"replies":[{"embeddable":true,"href":"https:\/\/rossau.ch\/index.php\/wp-json\/wp\/v2\/comments?post=4970"}],"version-history":[{"count":61,"href":"https:\/\/rossau.ch\/index.php\/wp-json\/wp\/v2\/pages\/4970\/revisions"}],"predecessor-version":[{"id":5466,"href":"https:\/\/rossau.ch\/index.php\/wp-json\/wp\/v2\/pages\/4970\/revisions\/5466"}],"wp:attachment":[{"href":"https:\/\/rossau.ch\/index.php\/wp-json\/wp\/v2\/media?parent=4970"}],"curies":[{"name":"wp","href":"https:\/\/api.w.org\/{rel}","templated":true}]}}